{"id":14075,"date":"2025-07-28T12:29:43","date_gmt":"2025-07-28T12:29:43","guid":{"rendered":"https:\/\/www.kstransportservices.com\/cdg-hotel-elysee-val-deurope\/"},"modified":"2025-12-01T15:31:41","modified_gmt":"2025-12-01T15:31:41","slug":"transfer-cdg-hotel-elysee-val-d-europe","status":"publish","type":"page","link":"https:\/\/www.kstransportservices.com\/pt-pt\/transfer-cdg-hotel-elysee-val-d-europe\/","title":{"rendered":"CDG &#8211; Hotel \u00c9lys\u00e9e Val d&#8217;Europe"},"content":{"rendered":"\t\t<div data-elementor-type=\"wp-page\" data-elementor-id=\"14075\" class=\"elementor elementor-14075 elementor-6864\" data-elementor-post-type=\"page\">\n\t\t\t\t\t\t<section class=\"elementor-section elementor-top-section elementor-element elementor-element-31dd6c5 elementor-section-boxed elementor-section-height-default elementor-section-height-default\" data-id=\"31dd6c5\" data-element_type=\"section\" data-e-type=\"section\" data-settings=\"{&quot;background_background&quot;:&quot;classic&quot;}\">\n\t\t\t\t\t\t<div class=\"elementor-container elementor-column-gap-default\">\n\t\t\t\t\t<div class=\"elementor-column elementor-col-100 elementor-top-column elementor-element elementor-element-3cfdd9e\" data-id=\"3cfdd9e\" data-element_type=\"column\" data-e-type=\"column\">\n\t\t\t<div class=\"elementor-widget-wrap elementor-element-populated\">\n\t\t\t\t\t\t<div class=\"elementor-element elementor-element-e06f9dd elementor-widget elementor-widget-heading\" data-id=\"e06f9dd\" data-element_type=\"widget\" data-e-type=\"widget\" data-widget_type=\"heading.default\">\n\t\t\t\t<div class=\"elementor-widget-container\">\n\t\t\t\t\t<h1 class=\"elementor-heading-title elementor-size-default\">Transfer\u00eancia do Aeroporto Charles de Gaulle para o H\u00f4tel Elys\u00e9e Val d'Europe em transporte privado.<\/h1>\t\t\t\t<\/div>\n\t\t\t\t<\/div>\n\t\t\t\t<div class=\"elementor-element elementor-element-8addd6a elementor-widget elementor-widget-heading\" data-id=\"8addd6a\" data-element_type=\"widget\" data-e-type=\"widget\" data-widget_type=\"heading.default\">\n\t\t\t\t<div class=\"elementor-widget-container\">\n\t\t\t\t\t<h3 class=\"elementor-heading-title elementor-size-default\"><a href=\"https:\/\/www.instagram.com\/kstransportservices\/\" target=\"_blank\">Transporte direto do Aeroporto Charles de Gaulle para Val d'Europe com motorista particular.<\/a><\/h3>\t\t\t\t<\/div>\n\t\t\t\t<\/div>\n\t\t\t\t<section class=\"elementor-section elementor-inner-section elementor-element elementor-element-b913d5a elementor-section-boxed elementor-section-height-default elementor-section-height-default\" data-id=\"b913d5a\" data-element_type=\"section\" data-e-type=\"section\">\n\t\t\t\t\t\t<div class=\"elementor-container elementor-column-gap-default\">\n\t\t\t\t\t<div class=\"elementor-column elementor-col-50 elementor-inner-column elementor-element elementor-element-f94f879\" data-id=\"f94f879\" data-element_type=\"column\" data-e-type=\"column\">\n\t\t\t<div class=\"elementor-widget-wrap elementor-element-populated\">\n\t\t\t\t\t\t<div class=\"elementor-element elementor-element-8b3dae4 elementor-widget elementor-widget-heading\" data-id=\"8b3dae4\" data-element_type=\"widget\" data-e-type=\"widget\" data-widget_type=\"heading.default\">\n\t\t\t\t<div class=\"elementor-widget-container\">\n\t\t\t\t\t<h2 class=\"elementor-heading-title elementor-size-default\">Nossos outros destinos na regi\u00e3o parisiense:<\/h2>\t\t\t\t<\/div>\n\t\t\t\t<\/div>\n\t\t\t\t<div class=\"elementor-element elementor-element-7340916 elementor-widget elementor-widget-global elementor-global-13701 elementor-global-4438 elementor-widget-accordion\" data-id=\"7340916\" data-element_type=\"widget\" data-e-type=\"widget\" data-widget_type=\"accordion.default\">\n\t\t\t\t<div class=\"elementor-widget-container\">\n\t\t\t\t\t\t\t<div class=\"elementor-accordion\">\n\t\t\t\t\t\t\t<div class=\"elementor-accordion-item\">\n\t\t\t\t\t<div id=\"elementor-tab-title-1201\" class=\"elementor-tab-title\" data-tab=\"1\" role=\"button\" aria-controls=\"elementor-tab-content-1201\" aria-expanded=\"false\">\n\t\t\t\t\t\t\t\t\t\t\t\t\t<span class=\"elementor-accordion-icon elementor-accordion-icon-left\" aria-hidden=\"true\">\n\t\t\t\t\t\t\t\t\t\t\t\t\t\t\t<span class=\"elementor-accordion-icon-closed\"><i class=\"fas fa-plus\"><\/i><\/span>\n\t\t\t\t\t\t\t\t<span class=\"elementor-accordion-icon-opened\"><i class=\"fas fa-minus\"><\/i><\/span>\n\t\t\t\t\t\t\t\t\t\t\t\t\t\t<\/span>\n\t\t\t\t\t\t\t\t\t\t\t\t<a class=\"elementor-accordion-title\" tabindex=\"0\">Disneyland Paris<\/a>\n\t\t\t\t\t<\/div>\n\t\t\t\t\t<div id=\"elementor-tab-content-1201\" class=\"elementor-tab-content elementor-clearfix\" data-tab=\"1\" role=\"region\" aria-labelledby=\"elementor-tab-title-1201\"><ul>\n<li><a href=\"https:\/\/www.kstransportservices.com\/pt-pt\/transfer-orly-disneyland-paris\/\">Orly \u2192 Disneyland Paris<\/a><\/li>\n<li><a href=\"https:\/\/www.kstransportservices.com\/pt-pt\/transfer-cdg-disneyland-paris\/\">CDG \u2192 Disneyland Paris<\/a><\/li>\n<li><a href=\"https:\/\/www.kstransportservices.com\/pt-pt\/transfer-beauvais-disneyland-paris\/\">Beauvais \u2192 Disneyland Paris<\/a><\/li>\n<li><a href=\"https:\/\/www.kstransportservices.com\/pt-pt\/transfer-paris-disneyland-paris\/\">Paris \u2192 Disneyland Paris<\/a><\/li>\n<\/ul>\n<\/div>\n\t\t\t\t<\/div>\n\t\t\t\t\t\t\t<div class=\"elementor-accordion-item\">\n\t\t\t\t\t<div id=\"elementor-tab-title-1202\" class=\"elementor-tab-title\" data-tab=\"2\" role=\"button\" aria-controls=\"elementor-tab-content-1202\" aria-expanded=\"false\">\n\t\t\t\t\t\t\t\t\t\t\t\t\t<span class=\"elementor-accordion-icon elementor-accordion-icon-left\" aria-hidden=\"true\">\n\t\t\t\t\t\t\t\t\t\t\t\t\t\t\t<span class=\"elementor-accordion-icon-closed\"><i class=\"fas fa-plus\"><\/i><\/span>\n\t\t\t\t\t\t\t\t<span class=\"elementor-accordion-icon-opened\"><i class=\"fas fa-minus\"><\/i><\/span>\n\t\t\t\t\t\t\t\t\t\t\t\t\t\t<\/span>\n\t\t\t\t\t\t\t\t\t\t\t\t<a class=\"elementor-accordion-title\" tabindex=\"0\">Vila La Vall\u00e9e | Vale da Europa<\/a>\n\t\t\t\t\t<\/div>\n\t\t\t\t\t<div id=\"elementor-tab-content-1202\" class=\"elementor-tab-content elementor-clearfix\" data-tab=\"2\" role=\"region\" aria-labelledby=\"elementor-tab-title-1202\"><ul>\n<li><a href=\"https:\/\/www.kstransportservices.com\/pt-pt\/transfer-orly-la-vallee-village\/\">Orly \u2192 Vila de La Vall\u00e9e<\/a><\/li>\n<li><a href=\"https:\/\/www.kstransportservices.com\/pt-pt\/transfer-cdg-la-vallee-village\/\">CDG \u2192 La Vall\u00e9e Village<\/a><\/li>\n<li><a href=\"https:\/\/www.kstransportservices.com\/pt-pt\/transfer-beauvais-la-vallee-village\/\">Beauvais \u2192 La Vall\u00e9e Village<\/a><\/li>\n<li><a href=\"https:\/\/www.kstransportservices.com\/pt-pt\/transfer-paris-la-vallee-village\/\">Paris \u2192 Vila de La Vall\u00e9e<\/a><\/li>\n<\/ul>\n<\/div>\n\t\t\t\t<\/div>\n\t\t\t\t\t\t\t<div class=\"elementor-accordion-item\">\n\t\t\t\t\t<div id=\"elementor-tab-title-1203\" class=\"elementor-tab-title\" data-tab=\"3\" role=\"button\" aria-controls=\"elementor-tab-content-1203\" aria-expanded=\"false\">\n\t\t\t\t\t\t\t\t\t\t\t\t\t<span class=\"elementor-accordion-icon elementor-accordion-icon-left\" aria-hidden=\"true\">\n\t\t\t\t\t\t\t\t\t\t\t\t\t\t\t<span class=\"elementor-accordion-icon-closed\"><i class=\"fas fa-plus\"><\/i><\/span>\n\t\t\t\t\t\t\t\t<span class=\"elementor-accordion-icon-opened\"><i class=\"fas fa-minus\"><\/i><\/span>\n\t\t\t\t\t\t\t\t\t\t\t\t\t\t<\/span>\n\t\t\t\t\t\t\t\t\t\t\t\t<a class=\"elementor-accordion-title\" tabindex=\"0\">Center Parcs Villages Natureza<\/a>\n\t\t\t\t\t<\/div>\n\t\t\t\t\t<div id=\"elementor-tab-content-1203\" class=\"elementor-tab-content elementor-clearfix\" data-tab=\"3\" role=\"region\" aria-labelledby=\"elementor-tab-title-1203\"><ul>\n<li><a href=\"https:\/\/www.kstransportservices.com\/pt-pt\/transfer-orly-center-parcs-villages-nature\/\">Orly \u2192 Center Parcs Villages Natureza<\/a><\/li>\n<li><a href=\"https:\/\/www.kstransportservices.com\/pt-pt\/transfer-cdg-center-parcs-villages-nature\/\">CDG \u2192 Center Parcs Villages Nature<\/a><\/li>\n<li><a href=\"https:\/\/www.kstransportservices.com\/pt-pt\/beauvais-center-parcs-villages-nature\/\">Beauvais \u2192 Center Parcs Villages Nature<\/a><\/li>\n<li><a href=\"https:\/\/www.kstransportservices.com\/pt-pt\/transfer-paris-center-parcs-villages-nature\/\">Paris \u2192 Center Parcs Villages Nature<\/a><\/li>\n<\/ul>\n<\/div>\n\t\t\t\t<\/div>\n\t\t\t\t\t\t\t<div class=\"elementor-accordion-item\">\n\t\t\t\t\t<div id=\"elementor-tab-title-1204\" class=\"elementor-tab-title\" data-tab=\"4\" role=\"button\" aria-controls=\"elementor-tab-content-1204\" aria-expanded=\"false\">\n\t\t\t\t\t\t\t\t\t\t\t\t\t<span class=\"elementor-accordion-icon elementor-accordion-icon-left\" aria-hidden=\"true\">\n\t\t\t\t\t\t\t\t\t\t\t\t\t\t\t<span class=\"elementor-accordion-icon-closed\"><i class=\"fas fa-plus\"><\/i><\/span>\n\t\t\t\t\t\t\t\t<span class=\"elementor-accordion-icon-opened\"><i class=\"fas fa-minus\"><\/i><\/span>\n\t\t\t\t\t\t\t\t\t\t\t\t\t\t<\/span>\n\t\t\t\t\t\t\t\t\t\t\t\t<a class=\"elementor-accordion-title\" tabindex=\"0\">Hot\u00e9is da Disneyland Paris<\/a>\n\t\t\t\t\t<\/div>\n\t\t\t\t\t<div id=\"elementor-tab-content-1204\" class=\"elementor-tab-content elementor-clearfix\" data-tab=\"4\" role=\"region\" aria-labelledby=\"elementor-tab-title-1204\"><div class=\"hotels-disneyland-paris\">\n<details>\n<summary>Hotel Disneyland<\/summary>\n<ul>\n<li><a href=\"https:\/\/www.kstransportservices.com\/pt-pt\/transfer-orly-disneyland-hotel\/\">Orly \u2192 Hotel Disneyland<\/a><\/li>\n<li><a href=\"https:\/\/www.kstransportservices.com\/pt-pt\/transfer-cdg-disneyland-hotel\/\">CDG \u2192 Hotel Disneyland<\/a><\/li>\n<li><a href=\"https:\/\/www.kstransportservices.com\/pt-pt\/transfer-beauvais-hotel-disneyland\/\">Beauvais \u2192 Hotel Disneyland<\/a><\/li>\n<li><a href=\"https:\/\/www.kstransportservices.com\/pt-pt\/transfer-paris-disneyland-hotel\/\">Paris \u2192 Hotel Disneyland<\/a><\/li>\n<\/ul>\n<\/details>\n<details>\n<summary>Hotel Nova York<\/summary>\n<ul>\n<li><a href=\"https:\/\/www.kstransportservices.com\/pt-pt\/transfer-orly-new-york-hotel\/\">Orly \u2192 Hotel Nova York<\/a><\/li>\n<li><a href=\"https:\/\/www.kstransportservices.com\/pt-pt\/transfer-cdg-new-york-hotel\/\">CDG \u2192 Hotel New York<\/a><\/li>\n<li><a href=\"https:\/\/www.kstransportservices.com\/pt-pt\/transfer-beauvais-new-york-hotel\/\">Beauvais \u2192 Hotel Nova Iorque<\/a><\/li>\n<li><a href=\"https:\/\/www.kstransportservices.com\/pt-pt\/transfer-paris-new-york-hotel\/\">Paris \u2192 Hotel Nova Iorque<\/a><\/li>\n<\/ul>\n<\/details>\n<details>\n<summary>Hotel Sequoia Lodge<\/summary>\n<ul>\n<li><a href=\"https:\/\/www.kstransportservices.com\/pt-pt\/transfer-orly-sequoia-lodge\/\">Orly \u2192 Hotel Sequoia Lodge<\/a><\/li>\n<li><a href=\"https:\/\/www.kstransportservices.com\/pt-pt\/transfer-cdg-sequoia-lodge\/\">CDG \u2192 Hotel Sequoia Lodge<\/a><\/li>\n<li><a href=\"https:\/\/www.kstransportservices.com\/pt-pt\/transfer-beauvais-sequoia-lodge\/\">Beauvais \u2192 Hotel Sequoia Lodge<\/a><\/li>\n<li><a href=\"https:\/\/www.kstransportservices.com\/pt-pt\/transfer-paris-sequoia-lodge\/\">Paris \u2192 Hotel Sequoia Lodge<\/a><\/li>\n<\/ul>\n<\/details>\n<details>\n<summary>Hotel Newport Bay Club<\/summary>\n<ul>\n<li><a href=\"https:\/\/www.kstransportservices.com\/pt-pt\/transfer-orly-newport-bay-club\/\">Orly \u2192 Hotel Newport Bay Club<\/a><\/li>\n<li><a href=\"https:\/\/www.kstransportservices.com\/pt-pt\/transfer-cdg-newport-bay-club\/\">CDG \u2192 Hotel Newport Bay Club<\/a><\/li>\n<li><a href=\"https:\/\/www.kstransportservices.com\/pt-pt\/transfer-beauvais-newport-bay-club\/\">Beauvais \u2192 Hotel Newport Bay Club<\/a><\/li>\n<li><a href=\"https:\/\/www.kstransportservices.com\/pt-pt\/transfer-paris-newport-bay-club\/\">Paris \u2192 Hotel Newport Bay Club<\/a><\/li>\n<\/ul>\n<\/details>\n<details>\n<summary>Hotel Cheyenne<\/summary>\n<ul>\n<li><a href=\"https:\/\/www.kstransportservices.com\/pt-pt\/transfer-orly-cheyenne-hotel\/\">Orly \u2192 Hotel Cheyenne<\/a><\/li>\n<li><a href=\"https:\/\/www.kstransportservices.com\/pt-pt\/transfer-cdg-cheyenne-hotel\/\">CDG \u2192 Hotel Cheyenne<\/a><\/li>\n<li><a href=\"https:\/\/www.kstransportservices.com\/pt-pt\/transfer-beauvais-cheyenne-hotel\/\">Beauvais \u2192 Hotel Cheyenne<\/a><\/li>\n<li><a href=\"https:\/\/www.kstransportservices.com\/pt-pt\/transfer-paris-cheyenne-hotel\/\">Paris \u2192 Hotel Cheyenne<\/a><\/li>\n<\/ul>\n<\/details>\n<details>\n<summary>Hotel Santa F\u00e9<\/summary>\n<ul>\n<li><a href=\"https:\/\/www.kstransportservices.com\/pt-pt\/transfer-orly-santa-fe\/\">Orly \u2192 Hotel Santa Fe<\/a><\/li>\n<li><a href=\"https:\/\/www.kstransportservices.com\/pt-pt\/transfer-cdg-santa-fe\/\">CDG \u2192 Hotel Santa Fe<\/a><\/li>\n<li><a href=\"https:\/\/www.kstransportservices.com\/pt-pt\/transfer-beauvais-santa-fe\/\">Beauvais \u2192 Hotel Santa Fe<\/a><\/li>\n<li><a href=\"https:\/\/www.kstransportservices.com\/pt-pt\/transfer-paris-santa-fe\/\">Paris \u2192 Hotel Santa Fe<\/a><\/li>\n<\/ul>\n<\/details>\n<details>\n<summary>Hotel Explorers<\/summary>\n<ul>\n<li><a href=\"https:\/\/www.kstransportservices.com\/pt-pt\/transfer-orly-explorers\/\">Orly \u2192 Hotel Explorers<\/a><\/li>\n<li><a href=\"https:\/\/www.kstransportservices.com\/pt-pt\/transfer-cdg-explorers\/\">CDG \u2192 Explorers Hotel<\/a><\/li>\n<li><a href=\"https:\/\/www.kstransportservices.com\/pt-pt\/transfer-beauvais-explorers\/\">Beauvais \u2192 Hotel Explorers<\/a><\/li>\n<li><a href=\"https:\/\/www.kstransportservices.com\/pt-pt\/transfer-paris-explorers\/\">Paris \u2192 Hotel Explorers<\/a><\/li>\n<\/ul>\n<\/details>\n<details>\n<summary>Hotel Castelo dos Sonhos<\/summary>\n<ul>\n<li><a href=\"https:\/\/www.kstransportservices.com\/pt-pt\/transfer-orly-dream-castle\/\">Orly \u2192 Hotel Dream Castle<\/a><\/li>\n<li><a href=\"https:\/\/www.kstransportservices.com\/pt-pt\/transfer-cdg-dream-castle\/\">CDG \u2192 Hotel Dream Castle<\/a><\/li>\n<li><a href=\"https:\/\/www.kstransportservices.com\/pt-pt\/transfer-beauvais-dream-castle\/\">Beauvais \u2192 Hotel Dream Castle<\/a><\/li>\n<li><a href=\"https:\/\/www.kstransportservices.com\/pt-pt\/transfer-paris-dream-castle\/\">Paris \u2192 Hotel Castelo dos Sonhos<\/a><\/li>\n<\/ul>\n<\/details>\n<\/div>\n<\/div>\n\t\t\t\t<\/div>\n\t\t\t\t\t\t\t<div class=\"elementor-accordion-item\">\n\t\t\t\t\t<div id=\"elementor-tab-title-1205\" class=\"elementor-tab-title\" data-tab=\"5\" role=\"button\" aria-controls=\"elementor-tab-content-1205\" aria-expanded=\"false\">\n\t\t\t\t\t\t\t\t\t\t\t\t\t<span class=\"elementor-accordion-icon elementor-accordion-icon-left\" aria-hidden=\"true\">\n\t\t\t\t\t\t\t\t\t\t\t\t\t\t\t<span class=\"elementor-accordion-icon-closed\"><i class=\"fas fa-plus\"><\/i><\/span>\n\t\t\t\t\t\t\t\t<span class=\"elementor-accordion-icon-opened\"><i class=\"fas fa-minus\"><\/i><\/span>\n\t\t\t\t\t\t\t\t\t\t\t\t\t\t<\/span>\n\t\t\t\t\t\t\t\t\t\t\t\t<a class=\"elementor-accordion-title\" tabindex=\"0\">Hot\u00e9is no Vale da Europa<\/a>\n\t\t\t\t\t<\/div>\n\t\t\t\t\t<div id=\"elementor-tab-content-1205\" class=\"elementor-tab-content elementor-clearfix\" data-tab=\"5\" role=\"region\" aria-labelledby=\"elementor-tab-title-1205\"><ul>\n<li><strong>Apparthotel Adagio Val d\u2019Europe<\/strong>\n<ul>\n<li><a href=\"https:\/\/www.kstransportservices.com\/pt-pt\/transfer-orly-apparthotel-adagio-val-d-europe\/\" rel=\"noopener\">Orly \u2192 Apparthotel Adagio Val d\u2019Europe<\/a><\/li>\n<li><a href=\"https:\/\/www.kstransportservices.com\/pt-pt\/transfer-cdg-apparthotel-adagio-val-d-europe\/\" rel=\"noopener\">CDG \u2192 Apparthotel Adagio Val d\u2019Europe<\/a><\/li>\n<li><a href=\"https:\/\/www.kstransportservices.com\/pt-pt\/transfer-beauvais-apparthotel-adagio-val-d-europe\/\" rel=\"noopener\">Beauvais \u2192 Apparthotel Adagio Val d\u2019Europe<\/a><\/li>\n<li><a href=\"https:\/\/www.kstransportservices.com\/pt-pt\/transfer-paris-apparthotel-adagio-val-d-europe\/\" rel=\"noopener\">Paris \u2192 Apparthotel Adagio Val d\u2019Europe<\/a><\/li>\n<\/ul>\n<\/li>\n<li><strong>Hotel Elys\u00e9e Val d&#8217;Europe<\/strong>\n<ul>\n<li><a href=\"https:\/\/www.kstransportservices.com\/pt-pt\/transfer-orly-hotel-elysee-val-d-europe\/\" rel=\"noopener\">Paris \u2192 H\u00f4tel \u00c9lys\u00e9e Val d&#8217;Europe<\/a><\/li>\n<li><a href=\"https:\/\/www.kstransportservices.com\/pt-pt\/transfer-cdg-hotel-elysee-val-d-europe\/\" rel=\"noopener\">CDG \u2192 H\u00f4tel \u00c9lys\u00e9e Val d&#8217;Europe<\/a><\/li>\n<li><a href=\"https:\/\/www.kstransportservices.com\/pt-pt\/trasldado-beauvais-hotel-elysee-val-deurope\/\" rel=\"noopener\">Beauvais \u2192 H\u00f4tel \u00c9lys\u00e9e Val d&#8217;Europe<\/a><\/li>\n<li><a href=\"https:\/\/www.kstransportservices.com\/pt-pt\/transfer-paris-hotel-elysee-val-d-europe\/\" rel=\"noopener\">Paris \u2192 H\u00f4tel \u00c9lys\u00e9e Val d&#8217;Europe<\/a><\/li>\n<\/ul>\n<\/li>\n<\/ul>\n<\/div>\n\t\t\t\t<\/div>\n\t\t\t\t\t\t\t<div class=\"elementor-accordion-item\">\n\t\t\t\t\t<div id=\"elementor-tab-title-1206\" class=\"elementor-tab-title\" data-tab=\"6\" role=\"button\" aria-controls=\"elementor-tab-content-1206\" aria-expanded=\"false\">\n\t\t\t\t\t\t\t\t\t\t\t\t\t<span class=\"elementor-accordion-icon elementor-accordion-icon-left\" aria-hidden=\"true\">\n\t\t\t\t\t\t\t\t\t\t\t\t\t\t\t<span class=\"elementor-accordion-icon-closed\"><i class=\"fas fa-plus\"><\/i><\/span>\n\t\t\t\t\t\t\t\t<span class=\"elementor-accordion-icon-opened\"><i class=\"fas fa-minus\"><\/i><\/span>\n\t\t\t\t\t\t\t\t\t\t\t\t\t\t<\/span>\n\t\t\t\t\t\t\t\t\t\t\t\t<a class=\"elementor-accordion-title\" tabindex=\"0\">Parque Asterix<\/a>\n\t\t\t\t\t<\/div>\n\t\t\t\t\t<div id=\"elementor-tab-content-1206\" class=\"elementor-tab-content elementor-clearfix\" data-tab=\"6\" role=\"region\" aria-labelledby=\"elementor-tab-title-1206\"><ul>\n<li><a href=\"https:\/\/www.kstransportservices.com\/pt-pt\/transfer-orly-parc-asterix\/\" rel=\"noopener\">Orly \u2192 Parque Ast\u00e9rix<\/a><\/li>\n<li><a href=\"https:\/\/www.kstransportservices.com\/pt-pt\/transfer-cdg-parc-asterix\/\" rel=\"noopener\">CDG \u2192 Parque Ast\u00e9rix<\/a><\/li>\n<li><a href=\"https:\/\/www.kstransportservices.com\/pt-pt\/transfer-beauvais-parc-asterix\/\" rel=\"noopener\">Beauvais \u2192 Parque Ast\u00e9rix<\/a><\/li>\n<li><a href=\"https:\/\/www.kstransportservices.com\/pt-pt\/transfer-paris-parc-asterix\/\" rel=\"noopener\">Paris \u2192 Parque Ast\u00e9rix<\/a><\/li>\n<li><a href=\"https:\/\/www.kstransportservices.com\/pt-pt\/transfer-disneyland-paris-parc-asterix\/\" rel=\"noopener\">Disneyland Paris \u2192 Parc Ast\u00e9rix<\/a><\/li>\n<\/ul>\n<\/div>\n\t\t\t\t<\/div>\n\t\t\t\t\t\t\t<div class=\"elementor-accordion-item\">\n\t\t\t\t\t<div id=\"elementor-tab-title-1207\" class=\"elementor-tab-title\" data-tab=\"7\" role=\"button\" aria-controls=\"elementor-tab-content-1207\" aria-expanded=\"false\">\n\t\t\t\t\t\t\t\t\t\t\t\t\t<span class=\"elementor-accordion-icon elementor-accordion-icon-left\" aria-hidden=\"true\">\n\t\t\t\t\t\t\t\t\t\t\t\t\t\t\t<span class=\"elementor-accordion-icon-closed\"><i class=\"fas fa-plus\"><\/i><\/span>\n\t\t\t\t\t\t\t\t<span class=\"elementor-accordion-icon-opened\"><i class=\"fas fa-minus\"><\/i><\/span>\n\t\t\t\t\t\t\t\t\t\t\t\t\t\t<\/span>\n\t\t\t\t\t\t\t\t\t\t\t\t<a class=\"elementor-accordion-title\" tabindex=\"0\">Paris<\/a>\n\t\t\t\t\t<\/div>\n\t\t\t\t\t<div id=\"elementor-tab-content-1207\" class=\"elementor-tab-content elementor-clearfix\" data-tab=\"7\" role=\"region\" aria-labelledby=\"elementor-tab-title-1207\"><ul>\n<li><a href=\"https:\/\/www.kstransportservices.com\/pt-pt\/transfer-orly-paris\/\" rel=\"noopener\">Orly \u2192 Paris<\/a><\/li>\n<li><a href=\"https:\/\/www.kstransportservices.com\/pt-pt\/transfer-cdg-paris\/\" rel=\"noopener\">CDG \u2192 Paris<\/a><\/li>\n<li><a href=\"https:\/\/www.kstransportservices.com\/pt-pt\/transfer-beauvais-paris\/\" rel=\"noopener\">Beauvais \u2192 Paris<\/a><\/li>\n<li><a href=\"https:\/\/www.kstransportservices.com\/pt-pt\/excursao-em-paris\/\" rel=\"noopener\">Passeio tur\u00edstico pela cidade de Paris<\/a><\/li>\n<\/ul>\n<\/div>\n\t\t\t\t<\/div>\n\t\t\t\t\t\t\t<div class=\"elementor-accordion-item\">\n\t\t\t\t\t<div id=\"elementor-tab-title-1208\" class=\"elementor-tab-title\" data-tab=\"8\" role=\"button\" aria-controls=\"elementor-tab-content-1208\" aria-expanded=\"false\">\n\t\t\t\t\t\t\t\t\t\t\t\t\t<span class=\"elementor-accordion-icon elementor-accordion-icon-left\" aria-hidden=\"true\">\n\t\t\t\t\t\t\t\t\t\t\t\t\t\t\t<span class=\"elementor-accordion-icon-closed\"><i class=\"fas fa-plus\"><\/i><\/span>\n\t\t\t\t\t\t\t\t<span class=\"elementor-accordion-icon-opened\"><i class=\"fas fa-minus\"><\/i><\/span>\n\t\t\t\t\t\t\t\t\t\t\t\t\t\t<\/span>\n\t\t\t\t\t\t\t\t\t\t\t\t<a class=\"elementor-accordion-title\" tabindex=\"0\">Reims | Tour de Champagne<\/a>\n\t\t\t\t\t<\/div>\n\t\t\t\t\t<div id=\"elementor-tab-content-1208\" class=\"elementor-tab-content elementor-clearfix\" data-tab=\"8\" role=\"region\" aria-labelledby=\"elementor-tab-title-1208\"><ul>\n<li><a href=\"https:\/\/www.kstransportservices.com\/pt-pt\/transfer-orly-reims\/\" rel=\"noopener\">Orly \u2192 Reims<\/a><\/li>\n<li><a href=\"https:\/\/www.kstransportservices.com\/pt-pt\/transfer-cdg-reims\/\" rel=\"noopener\">CDG \u2192 Reims<\/a><\/li>\n<li><a href=\"https:\/\/www.kstransportservices.com\/pt-pt\/transfer-beauvais-reims\/\" rel=\"noopener\">Beauvais \u2192 Reims<\/a><\/li>\n<li><a href=\"https:\/\/www.kstransportservices.com\/pt-pt\/transfer-paris-reims\/\" rel=\"noopener\">Paris \u2192 Reims<\/a><\/li>\n<li><a href=\"https:\/\/www.kstransportservices.com\/pt-pt\/transfer-disneyland-paris-reims\/\" rel=\"noopener\">Disneyland Paris \u2192 Reims<\/a><\/li>\n<li><a href=\"https:\/\/www.kstransportservices.com\/pt-pt\/excursao-de-champanhe-em-reims\/\" rel=\"noopener\">Tour de champanhe em Reims<\/a><\/li>\n<\/ul>\n<\/div>\n\t\t\t\t<\/div>\n\t\t\t\t\t\t\t<div class=\"elementor-accordion-item\">\n\t\t\t\t\t<div id=\"elementor-tab-title-1209\" class=\"elementor-tab-title\" data-tab=\"9\" role=\"button\" aria-controls=\"elementor-tab-content-1209\" aria-expanded=\"false\">\n\t\t\t\t\t\t\t\t\t\t\t\t\t<span class=\"elementor-accordion-icon elementor-accordion-icon-left\" aria-hidden=\"true\">\n\t\t\t\t\t\t\t\t\t\t\t\t\t\t\t<span class=\"elementor-accordion-icon-closed\"><i class=\"fas fa-plus\"><\/i><\/span>\n\t\t\t\t\t\t\t\t<span class=\"elementor-accordion-icon-opened\"><i class=\"fas fa-minus\"><\/i><\/span>\n\t\t\t\t\t\t\t\t\t\t\t\t\t\t<\/span>\n\t\t\t\t\t\t\t\t\t\t\t\t<a class=\"elementor-accordion-title\" tabindex=\"0\">Versalhes  <\/a>\n\t\t\t\t\t<\/div>\n\t\t\t\t\t<div id=\"elementor-tab-content-1209\" class=\"elementor-tab-content elementor-clearfix\" data-tab=\"9\" role=\"region\" aria-labelledby=\"elementor-tab-title-1209\"><ul>\n<li><a href=\"https:\/\/www.kstransportservices.com\/pt-pt\/transfer-orly-versailles\/\">Orly \u2192 Versalhes<\/a><\/li>\n<li><a href=\"https:\/\/www.kstransportservices.com\/pt-pt\/transfer-cdg-versailles\/\" rel=\"noopener\">CDG \u2192 Versalhes<\/a><\/li>\n<li><a href=\"https:\/\/www.kstransportservices.com\/pt-pt\/transfer-beauvais-versailles\/\" rel=\"noopener\">Beauvais \u2192 Versalhes<\/a><\/li>\n<li><a href=\"https:\/\/www.kstransportservices.com\/pt-pt\/transfer-paris-versailles\/\" rel=\"noopener\">Paris \u2192 Versalhes<\/a><\/li>\n<li><a href=\"https:\/\/www.kstransportservices.com\/pt-pt\/transfer-disneyland-paris-versailles\/\" rel=\"noopener\">Disneyland Paris \u2192 Versalhes<\/a><\/li>\n<li><a href=\"https:\/\/www.kstransportservices.com\/pt-pt\/excursao-a-versalhes\/\" rel=\"noopener\">Visita guiada \u00e0 cidade de Versalhes<\/a><\/li>\n<\/ul>\n<\/div>\n\t\t\t\t<\/div>\n\t\t\t\t\t\t\t<div class=\"elementor-accordion-item\">\n\t\t\t\t\t<div id=\"elementor-tab-title-12010\" class=\"elementor-tab-title\" data-tab=\"10\" role=\"button\" aria-controls=\"elementor-tab-content-12010\" aria-expanded=\"false\">\n\t\t\t\t\t\t\t\t\t\t\t\t\t<span class=\"elementor-accordion-icon elementor-accordion-icon-left\" aria-hidden=\"true\">\n\t\t\t\t\t\t\t\t\t\t\t\t\t\t\t<span class=\"elementor-accordion-icon-closed\"><i class=\"fas fa-plus\"><\/i><\/span>\n\t\t\t\t\t\t\t\t<span class=\"elementor-accordion-icon-opened\"><i class=\"fas fa-minus\"><\/i><\/span>\n\t\t\t\t\t\t\t\t\t\t\t\t\t\t<\/span>\n\t\t\t\t\t\t\t\t\t\t\t\t<a class=\"elementor-accordion-title\" tabindex=\"0\">Giverny | Casa de Claude Monet<\/a>\n\t\t\t\t\t<\/div>\n\t\t\t\t\t<div id=\"elementor-tab-content-12010\" class=\"elementor-tab-content elementor-clearfix\" data-tab=\"10\" role=\"region\" aria-labelledby=\"elementor-tab-title-12010\"><ul>\n<li><a href=\"https:\/\/www.kstransportservices.com\/pt-pt\/transfer-orly-giverny\/\" rel=\"noopener\">Orly \u2192 Giverny<\/a><\/li>\n<li><a href=\"https:\/\/www.kstransportservices.com\/pt-pt\/transfer-cdg-giverny\/\" rel=\"noopener\">CDG \u2192 Giverny<\/a><\/li>\n<li><a href=\"https:\/\/www.kstransportservices.com\/pt-pt\/transfer-beauvais-giverny\/\" rel=\"noopener\">Beauvais \u2192 Giverny<\/a><\/li>\n<li><a href=\"https:\/\/www.kstransportservices.com\/pt-pt\/transfer-paris-giverny\/\" rel=\"noopener\">Paris \u2192 Giverny<\/a><\/li>\n<li><a href=\"https:\/\/www.kstransportservices.com\/pt-pt\/transfer-disneyland-paris-giverny\/\" rel=\"noopener\">Disneyland Paris \u2192 Giverny<\/a><\/li>\n<li><a href=\"https:\/\/www.kstransportservices.com\/pt-pt\/excursao-a-giverny-claude-monet\/\" rel=\"noopener\">Citytour Giverny<\/a><\/li>\n<\/ul>\n<\/div>\n\t\t\t\t<\/div>\n\t\t\t\t\t\t\t<div class=\"elementor-accordion-item\">\n\t\t\t\t\t<div id=\"elementor-tab-title-12011\" class=\"elementor-tab-title\" data-tab=\"11\" role=\"button\" aria-controls=\"elementor-tab-content-12011\" aria-expanded=\"false\">\n\t\t\t\t\t\t\t\t\t\t\t\t\t<span class=\"elementor-accordion-icon elementor-accordion-icon-left\" aria-hidden=\"true\">\n\t\t\t\t\t\t\t\t\t\t\t\t\t\t\t<span class=\"elementor-accordion-icon-closed\"><i class=\"fas fa-plus\"><\/i><\/span>\n\t\t\t\t\t\t\t\t<span class=\"elementor-accordion-icon-opened\"><i class=\"fas fa-minus\"><\/i><\/span>\n\t\t\t\t\t\t\t\t\t\t\t\t\t\t<\/span>\n\t\t\t\t\t\t\t\t\t\t\t\t<a class=\"elementor-accordion-title\" tabindex=\"0\">Esta\u00e7\u00e3o Chessy<\/a>\n\t\t\t\t\t<\/div>\n\t\t\t\t\t<div id=\"elementor-tab-content-12011\" class=\"elementor-tab-content elementor-clearfix\" data-tab=\"11\" role=\"region\" aria-labelledby=\"elementor-tab-title-12011\"><ul>\n<li><a href=\"https:\/\/www.kstransportservices.com\/pt-pt\/transfer-orly-chessy\/\" rel=\"noopener\">Orly \u2192 Esta\u00e7\u00e3o Chessy<\/a><\/li>\n<li><a href=\"https:\/\/www.kstransportservices.com\/pt-pt\/transfer-cdg-chessy\/\" rel=\"noopener\">CDG \u2192 Esta\u00e7\u00e3o Chessy<\/a><\/li>\n<li><a href=\"https:\/\/www.kstransportservices.com\/pt-pt\/transfer-beauvais-chessy\/\" rel=\"noopener\">Beauvais \u2192 Esta\u00e7\u00e3o Chessy<\/a><\/li>\n<li><a href=\"https:\/\/www.kstransportservices.com\/pt-pt\/transfer-paris-chessy\/\" rel=\"noopener\">Paris \u2192 Esta\u00e7\u00e3o Chessy<\/a><\/li>\n<\/ul>\n<\/div>\n\t\t\t\t<\/div>\n\t\t\t\t\t\t\t<div class=\"elementor-accordion-item\">\n\t\t\t\t\t<div id=\"elementor-tab-title-12012\" class=\"elementor-tab-title\" data-tab=\"12\" role=\"button\" aria-controls=\"elementor-tab-content-12012\" aria-expanded=\"false\">\n\t\t\t\t\t\t\t\t\t\t\t\t\t<span class=\"elementor-accordion-icon elementor-accordion-icon-left\" aria-hidden=\"true\">\n\t\t\t\t\t\t\t\t\t\t\t\t\t\t\t<span class=\"elementor-accordion-icon-closed\"><i class=\"fas fa-plus\"><\/i><\/span>\n\t\t\t\t\t\t\t\t<span class=\"elementor-accordion-icon-opened\"><i class=\"fas fa-minus\"><\/i><\/span>\n\t\t\t\t\t\t\t\t\t\t\t\t\t\t<\/span>\n\t\t\t\t\t\t\t\t\t\t\t\t<a class=\"elementor-accordion-title\" tabindex=\"0\">Transfer\u00eancias entre aeroportos de Paris<\/a>\n\t\t\t\t\t<\/div>\n\t\t\t\t\t<div id=\"elementor-tab-content-12012\" class=\"elementor-tab-content elementor-clearfix\" data-tab=\"12\" role=\"region\" aria-labelledby=\"elementor-tab-title-12012\"><ul>\n<li><a href=\"https:\/\/www.kstransportservices.com\/pt-pt\/transfer-orly-cdg\/\" rel=\"noopener\">Orly \u2192 CDG<\/a><\/li>\n<li><a href=\"https:\/\/www.kstransportservices.com\/pt-pt\/transfer-cdg-beauvais\/\" rel=\"noopener\">CDG \u2192 Beauvais<\/a><\/li>\n<li><a href=\"https:\/\/www.kstransportservices.com\/pt-pt\/transfer-orly-beauvais\/\" rel=\"noopener\">Orly \u2192 Beauvais<\/a><\/li>\n<\/ul>\n<\/div>\n\t\t\t\t<\/div>\n\t\t\t\t\t\t\t\t<\/div>\n\t\t\t\t\t\t<\/div>\n\t\t\t\t<\/div>\n\t\t\t\t<div class=\"elementor-element elementor-element-13e4fca elementor-widget elementor-widget-image\" data-id=\"13e4fca\" data-element_type=\"widget\" data-e-type=\"widget\" data-widget_type=\"image.default\">\n\t\t\t\t<div class=\"elementor-widget-container\">\n\t\t\t\t\t\t\t\t\t\t\t\t\t\t\t<img fetchpriority=\"high\" decoding=\"async\" width=\"1024\" height=\"1024\" src=\"https:\/\/www.kstransportservices.com\/wp-content\/uploads\/2025\/08\/Transfer-privado-CDG-Hotel-Elysee-Val-dEurope-1024x1024.webp\" class=\"attachment-large size-large wp-image-10497\" alt=\"Transfer em shuttle privado CDG - Hotel \u00c9lys\u00e9e Val d\u2019Europe\" srcset=\"https:\/\/www.kstransportservices.com\/wp-content\/uploads\/2025\/08\/Transfer-privado-CDG-Hotel-Elysee-Val-dEurope-1024x1024.webp 1024w, https:\/\/www.kstransportservices.com\/wp-content\/uploads\/2025\/08\/Transfer-privado-CDG-Hotel-Elysee-Val-dEurope-300x300.webp 300w, https:\/\/www.kstransportservices.com\/wp-content\/uploads\/2025\/08\/Transfer-privado-CDG-Hotel-Elysee-Val-dEurope-150x150.webp 150w, https:\/\/www.kstransportservices.com\/wp-content\/uploads\/2025\/08\/Transfer-privado-CDG-Hotel-Elysee-Val-dEurope-768x768.webp 768w, https:\/\/www.kstransportservices.com\/wp-content\/uploads\/2025\/08\/Transfer-privado-CDG-Hotel-Elysee-Val-dEurope-600x600.webp 600w, https:\/\/www.kstransportservices.com\/wp-content\/uploads\/2025\/08\/Transfer-privado-CDG-Hotel-Elysee-Val-dEurope-100x100.webp 100w, https:\/\/www.kstransportservices.com\/wp-content\/uploads\/2025\/08\/Transfer-privado-CDG-Hotel-Elysee-Val-dEurope.webp 1200w\" sizes=\"(max-width: 1024px) 100vw, 1024px\" \/>\t\t\t\t\t\t\t\t\t\t\t\t\t\t\t<\/div>\n\t\t\t\t<\/div>\n\t\t\t\t<div class=\"elementor-element elementor-element-38f6bb7 elementor-widget elementor-widget-heading\" data-id=\"38f6bb7\" data-element_type=\"widget\" data-e-type=\"widget\" data-widget_type=\"heading.default\">\n\t\t\t\t<div class=\"elementor-widget-container\">\n\t\t\t\t\t<h2 class=\"elementor-heading-title elementor-size-default\">PERGUNTAS FREQUENTES:<\/h2>\t\t\t\t<\/div>\n\t\t\t\t<\/div>\n\t\t\t\t<div class=\"elementor-element elementor-element-d7b9260 elementor-widget elementor-widget-global elementor-global-12866 elementor-global-4510 elementor-widget-html\" data-id=\"d7b9260\" data-element_type=\"widget\" data-e-type=\"widget\" data-widget_type=\"html.default\">\n\t\t\t\t<div class=\"elementor-widget-container\">\n\t\t\t\t\t<style>\n.faq-container {\n  background: #131313;\n  color: #F6D56D;\n  padding: 0px;\n  border-radius: 10px;\n  font-family: Arial, sans-serif;\n  line-height: 1.6;\n  max-width: 800px;\n\n  \/* Centrer tout le widget *\/\n  margin: 0 auto;\n  text-align: center;\n}\n\n.faq-item {\n  margin-bottom: 15px;\n}\n\n.faq-question {\n  cursor: pointer;\n  font-weight: bold;\n  margin-bottom: 5px;\n  color: #F6D56D;\n}\n\n.faq-answer {\n  display: none;\n  margin-top: 5px;\n\n  \/* Centrer les r\u00e9ponses *\/\n  text-align: center;\n}\n\n.faq-question:hover {\n  text-decoration: underline;\n}\n\n.faq-sub-question {\n  cursor: pointer;\n  margin: 8px 0;\n  font-weight: bold;\n  color: #F6D56D;\n}\n\n.faq-sub-answer {\n  display: none;\n  font-size: 14px;\n\n  \/* Centrer les sous-r\u00e9ponses *\/\n  text-align: center;\n}\n<\/style>\n\n<div class=\"faq-container\">\n  <div class=\"faq-item\">\n    <div class=\"faq-question\" onclick=\"toggleAnswer(this)\">Posso reservar uma cadeirinha para beb\u00ea ou crian\u00e7a?<\/div>\n    <div class=\"faq-answer\">Sim, todos os nossos ve\u00edculos podem ser equipados com cadeirinhas ou assentos de eleva\u00e7\u00e3o para beb\u00eas, mediante solicita\u00e7\u00e3o, sem custo adicional.<\/div>\n  <\/div>\n\n  <div class=\"faq-item\">\n    <div class=\"faq-question\" onclick=\"toggleAnswer(this)\">O que acontece se meu voo atrasar?<\/div>\n    <div class=\"faq-answer\">Monitoramos os hor\u00e1rios em tempo real. Seu motorista esperar\u00e1 por voc\u00ea sem custo adicional. <\/div>\n  <\/div>\n\n  <div class=\"faq-item\">\n    <div class=\"faq-question\" onclick=\"toggleAnswer(this)\">Quantas malas posso levar?<\/div>\n    <div class=\"faq-answer\">\n  Clique em um ve\u00edculo para exibir as instru\u00e7\u00f5es:\n      <div class=\"faq-sub-question\" onclick=\"toggleSubAnswer(this)\">Tesla Modelo 3<\/div>\n      <div class=\"faq-sub-answer\">2 malas ou 4 malas de cabine.<\/div>\n\n      <div class=\"faq-sub-question\" onclick=\"toggleSubAnswer(this)\">Tesla Model X<\/div>\n      <div class=\"faq-sub-answer\">\n  \u2022 5 passageiros: 2 malas ou 5 bagagens de m\u00e3o<br> \u2022 4 passageiros: 3 malas<br> \u2022 3 passageiros ou menos: 4 malas\n      <\/div>\n\n      <div class=\"faq-sub-question\" onclick=\"toggleSubAnswer(this)\">Mercedes Classe V<\/div>\n      <div class=\"faq-sub-answer\">At\u00e9 7 malas<\/div>\n    <\/div>\n  <\/div>\n<\/div>\n\n<script>\nfunction toggleAnswer(el) {\n  const answer = el.nextElementSibling;\n  answer.style.display = answer.style.display === \"block\" ? \"none\" : \"block\";\n}\n\nfunction toggleSubAnswer(el) {\n  const subAnswer = el.nextElementSibling;\n  subAnswer.style.display = subAnswer.style.display === \"block\" ? \"none\" : \"block\";\n}\n<\/script>\t\t\t\t<\/div>\n\t\t\t\t<\/div>\n\t\t\t\t\t<\/div>\n\t\t<\/div>\n\t\t\t\t<div class=\"elementor-column elementor-col-50 elementor-inner-column elementor-element elementor-element-99b9dae\" data-id=\"99b9dae\" data-element_type=\"column\" data-e-type=\"column\">\n\t\t\t<div class=\"elementor-widget-wrap elementor-element-populated\">\n\t\t\t\t\t\t<div class=\"elementor-element elementor-element-b1af507 elementor-widget elementor-widget-heading\" data-id=\"b1af507\" data-element_type=\"widget\" data-e-type=\"widget\" data-widget_type=\"heading.default\">\n\t\t\t\t<div class=\"elementor-widget-container\">\n\t\t\t\t\t<h2 class=\"elementor-heading-title elementor-size-default\"><a href=\"https:\/\/www.kstransportservices.com\/pt\/\">Chegue em grande estilo ao Val d'Europe<\/a><\/h2>\t\t\t\t<\/div>\n\t\t\t\t<\/div>\n\t\t\t\t<div class=\"elementor-element elementor-element-75113eb elementor-widget elementor-widget-text-editor\" data-id=\"75113eb\" data-element_type=\"widget\" data-e-type=\"widget\" data-widget_type=\"text-editor.default\">\n\t\t\t\t<div class=\"elementor-widget-container\">\n\t\t\t\t\t\t\t\t\t<p>O H\u00f4tel Elys\u00e9e Val d&#8217;Europe \u00e9 um dos hot\u00e9is mais populares entre os viajantes que visitam a Disneyland Paris e a regi\u00e3o circundante. Localizado a poucos minutos do parque e do centro comercial Val d&#8217;Europe, \u00e9 a escolha perfeita para quem busca conforto, eleg\u00e2ncia e praticidade. <\/p><p>Se voc\u00ea chegar ao Aeroporto Charles de Gaulle (CDG), nosso servi\u00e7o de transfer privado o levar\u00e1 diretamente ao seu hotel, sem esperas, paradas intermedi\u00e1rias ou o inc\u00f4modo do transporte p\u00fablico.<\/p><p>Um servi\u00e7o personalizado<\/p><p>Seu motorista profissional ir\u00e1 receb\u00ea-lo diretamente no terminal com uma placa personalizada. Voc\u00ea n\u00e3o precisar\u00e1 se preocupar em encontrar um t\u00e1xi ou se locomover em \u00f4nibus lotados: seu ve\u00edculo estar\u00e1 pronto para partir imediatamente. <\/p><p>Conforto em viagem<\/p><p>Oferecemos ve\u00edculos de luxo, equipados com ar condicionado, Wi-Fi e amplo espa\u00e7o para bagagem. Voc\u00ea pode escolher entre: <\/p><ul><li>Tesla Model 3 (1-4 passageiros) \u2013 moderno e ecol\u00f3gico.<\/li><li>Tesla Model X (1-5 passageiros) \u2013 espa\u00e7oso e tecnol\u00f3gico.<\/li><li>Mercedes Classe V (1 a 7 passageiros) \u2013 a op\u00e7\u00e3o ideal para fam\u00edlias e grupos.<\/li><\/ul><p>Tarifas claras e garantidas<\/p><ul><li>Tesla Model 3 \u2192 \u20ac85<\/li><li>Tesla Model X \u2192 \u20ac110<\/li><li>Mercedes Classe V \u2192 \u20ac130<\/li><\/ul><p>Sem custos adicionais por atrasos ou tr\u00e2nsito: o pre\u00e7o \u00e9 fixo e confirmado no momento da reserva.<\/p><p>Vantagens do nosso servi\u00e7o<\/p><ul><li>Pontualidade garantida \u2013 sempre a tempo para o seu voo.<\/li><li>Conforto e luxo \u2013 viaje em ve\u00edculos de alta gama.<\/li><li>Hor\u00e1rio flex\u00edvel \u2013 dispon\u00edvel 24 horas por dia, 7 dias por semana.<\/li><li>Cancelamento gratuito com at\u00e9 48 horas de anteced\u00eancia.<\/li><\/ul><p>Um destino estrat\u00e9gico<\/p><p>O H\u00f4tel Elys\u00e9e Val d&#8217;Europe est\u00e1 localizado perto da Disneyland Paris e do famoso centro comercial Val d&#8217;Europe. Com o nosso servi\u00e7o de transfer, voc\u00ea pode come\u00e7ar suas f\u00e9rias imediatamente, sem perder tempo. <\/p><p>Depoimentos de nossos clientes<\/p><p>\u2b50\u2b50\u2b50\u2b50\u2b50 \u2013 \u201cTransfer\u00eancia confort\u00e1vel, motorista gentil e muito profissional.\u201d \u2013 Cliente Verificado<\/p><p>\u2b50\u2b50\u2b50\u2b50\u2b50 \u2013 \u201cServi\u00e7o impec\u00e1vel, usarei novamente.\u201d \u2013 Cliente Verificado<\/p>\t\t\t\t\t\t\t\t<\/div>\n\t\t\t\t<\/div>\n\t\t\t\t<div class=\"elementor-element elementor-element-ad9d04e elementor-align-left elementor-widget elementor-widget-button\" data-id=\"ad9d04e\" data-element_type=\"widget\" data-e-type=\"widget\" data-widget_type=\"button.default\">\n\t\t\t\t<div class=\"elementor-widget-container\">\n\t\t\t\t\t\t\t\t\t<div class=\"elementor-button-wrapper\">\n\t\t\t\t\t<a class=\"elementor-button elementor-button-link elementor-size-sm\" href=\"http:\/\/kstransportservices.com\/pt\/\">\n\t\t\t\t\t\t<span class=\"elementor-button-content-wrapper\">\n\t\t\t\t\t\t\t\t\t<span class=\"elementor-button-text\">Reserva online<\/span>\n\t\t\t\t\t<\/span>\n\t\t\t\t\t<\/a>\n\t\t\t\t<\/div>\n\t\t\t\t\t\t\t\t<\/div>\n\t\t\t\t<\/div>\n\t\t\t\t\t<\/div>\n\t\t<\/div>\n\t\t\t\t\t<\/div>\n\t\t<\/section>\n\t\t\t\t<div class=\"elementor-element elementor-element-06bc18a elementor-widget elementor-widget-html\" data-id=\"06bc18a\" data-element_type=\"widget\" data-e-type=\"widget\" data-widget_type=\"html.default\">\n\t\t\t\t<div class=\"elementor-widget-container\">\n\t\t\t\t\t<script type=\"application\/ld+json\">\n{\n  \"@context\": \"https:\/\/schema.org\",\n  \"@graph\": [\n    {\n      \"@type\": \"WebPage\",\n      \"@id\": \"https:\/\/www.kstransportservices.com\/pt\/transfer-cdg-hotel-elysee-val-d-europe\",\n      \"url\": \"https:\/\/www.kstransportservices.com\/pt\/transfer-cdg-hotel-elysee-val-d-europe\",\n      \"name\": \"Transfer em shuttle privado CDG \u2013 Hotel Elys\u00e9e Val d\u2019Europe\",\n      \"description\": \"Transfer privado entre o Aeroporto Charles de Gaulle (CDG) e o Hotel Elys\u00e9e Val d\u2019Europe. Servi\u00e7o exclusivo, motorista profissional, ve\u00edculos Tesla e Mercedes at\u00e9 7 passageiros e pre\u00e7o fixo.\",\n      \"breadcrumb\": {\n        \"@id\": \"https:\/\/www.kstransportservices.com\/pt\/transfer-cdg-hotel-elysee-val-d-europe#breadcrumb\"\n      },\n      \"inLanguage\": \"pt\"\n    },\n    {\n      \"@type\": \"BreadcrumbList\",\n      \"@id\": \"https:\/\/www.kstransportservices.com\/pt\/transfer-cdg-hotel-elysee-val-d-europe#breadcrumb\",\n      \"itemListElement\": [\n        {\n          \"@type\": \"ListItem\",\n          \"position\": 1,\n          \"name\": \"In\u00edcio\",\n          \"item\": \"https:\/\/www.kstransportservices.com\/pt\/\"\n        },\n        {\n          \"@type\": \"ListItem\",\n          \"position\": 2,\n          \"name\": \"Transfers\",\n          \"item\": \"https:\/\/www.kstransportservices.com\/pt\/transfers\/\"\n        },\n        {\n          \"@type\": \"ListItem\",\n          \"position\": 3,\n          \"name\": \"CDG \u2013 Hotel Elys\u00e9e Val d\u2019Europe\",\n          \"item\": \"https:\/\/www.kstransportservices.com\/pt\/transfer-cdg-hotel-elysee-val-d-europe\"\n        }\n      ]\n    },\n    {\n      \"@type\": \"Product\",\n      \"name\": \"Transfer CDG \u2013 Hotel Elys\u00e9e Val d\u2019Europe\",\n      \"image\": \"https:\/\/www.kstransportservices.com\/wp-content\/uploads\/2025\/08\/Transfer-privado-CDG-Hotel-Elysee-Val-dEurope.webp\",\n      \"description\": \"Transfer privado CDG \u2013 Hotel Elys\u00e9e Val d\u2019Europe com motorista dedicado, pre\u00e7o fixo e ve\u00edculos premium Tesla e Mercedes.\",\n      \"brand\": {\n        \"@type\": \"Organization\",\n        \"name\": \"KS Transport Services\"\n      },\n      \"offers\": [\n        {\n          \"@type\": \"Offer\",\n          \"priceCurrency\": \"EUR\",\n          \"price\": \"85.00\",\n          \"name\": \"Tesla Model 3 (1 a 4 passageiros)\",\n          \"availability\": \"https:\/\/schema.org\/InStock\",\n          \"priceValidUntil\": \"2031-12-31\",\n          \"url\": \"https:\/\/www.kstransportservices.com\/pt\/transfer-cdg-hotel-elysee-val-d-europe\",\n          \"itemCondition\": \"https:\/\/schema.org\/NewCondition\"\n        },\n        {\n          \"@type\": \"Offer\",\n          \"priceCurrency\": \"EUR\",\n          \"price\": \"110.00\",\n          \"name\": \"Tesla Model X (1 a 5 passageiros)\",\n          \"availability\": \"https:\/\/schema.org\/InStock\",\n          \"priceValidUntil\": \"2031-12-31\",\n          \"url\": \"https:\/\/www.kstransportservices.com\/pt\/transfer-cdg-hotel-elysee-val-d-europe\",\n          \"itemCondition\": \"https:\/\/schema.org\/NewCondition\"\n        },\n        {\n          \"@type\": \"Offer\",\n          \"priceCurrency\": \"EUR\",\n          \"price\": \"130.00\",\n          \"name\": \"Mercedes Classe V (1 a 7 passageiros)\",\n          \"availability\": \"https:\/\/schema.org\/InStock\",\n          \"priceValidUntil\": \"2031-12-31\",\n          \"url\": \"https:\/\/www.kstransportservices.com\/pt\/transfer-cdg-hotel-elysee-val-d-europe\",\n          \"itemCondition\": \"https:\/\/schema.org\/NewCondition\"\n        }\n      ],\n      \"review\": {\n        \"@type\": \"Review\",\n        \"reviewRating\": {\n          \"@type\": \"Rating\",\n          \"ratingValue\": \"5\",\n          \"bestRating\": \"5\"\n        },\n        \"author\": {\n          \"@type\": \"Person\",\n          \"name\": \"Cliente verificado\"\n        }\n      },\n      \"aggregateRating\": {\n        \"@type\": \"AggregateRating\",\n        \"ratingValue\": \"4.9\",\n        \"reviewCount\": 642\n      },\n      \"hasMerchantReturnPolicy\": {\n        \"@type\": \"MerchantReturnPolicy\",\n        \"applicableCountry\": \"PT\",\n        \"returnPolicyCategory\": \"https:\/\/schema.org\/MerchantReturnFiniteReturnWindow\",\n        \"merchantReturnDays\": 2\n      }\n    },\n    {\n      \"@type\": \"Organization\",\n      \"@id\": \"https:\/\/www.kstransportservices.com\/#organization\",\n      \"name\": \"KS Transport Services\",\n      \"url\": \"https:\/\/www.kstransportservices.com\/\",\n      \"logo\": {\n        \"@type\": \"ImageObject\",\n        \"url\": \"https:\/\/www.kstransportservices.com\/wp-content\/uploads\/2024\/01\/logo-kstransport.png\"\n      },\n      \"contactPoint\": {\n        \"@type\": \"ContactPoint\",\n        \"telephone\": \"+33 6 66 74 34 63\",\n        \"contactType\": \"Apoio ao cliente\",\n        \"availableLanguage\": [\"pt\", \"fr\", \"en\", \"es\", \"it\"]\n      },\n      \"address\": {\n        \"@type\": \"PostalAddress\",\n        \"addressLocality\": \"Paris\",\n        \"addressCountry\": \"FR\"\n      }\n    },\n    {\n      \"@type\": \"WebSite\",\n      \"@id\": \"https:\/\/www.kstransportservices.com\/#website\",\n      \"url\": \"https:\/\/www.kstransportservices.com\/\",\n      \"name\": \"KS Transport Services\",\n      \"potentialAction\": {\n        \"@type\": \"SearchAction\",\n        \"target\": \"https:\/\/www.kstransportservices.com\/pt\/?s={search_term_string}\",\n        \"query-input\": \"required name=search_term_string\"\n      }\n    }\n  ]\n}\n<\/script>\t\t\t\t<\/div>\n\t\t\t\t<\/div>\n\t\t\t\t<div class=\"elementor-element elementor-element-0de24a8 elementor-widget elementor-widget-spacer\" data-id=\"0de24a8\" data-element_type=\"widget\" data-e-type=\"widget\" data-widget_type=\"spacer.default\">\n\t\t\t\t<div class=\"elementor-widget-container\">\n\t\t\t\t\t\t\t<div class=\"elementor-spacer\">\n\t\t\t<div class=\"elementor-spacer-inner\"><\/div>\n\t\t<\/div>\n\t\t\t\t\t\t<\/div>\n\t\t\t\t<\/div>\n\t\t\t\t\t<\/div>\n\t\t<\/div>\n\t\t\t\t\t<\/div>\n\t\t<\/section>\n\t\t\t\t<\/div>\n\t\t","protected":false},"excerpt":{"rendered":"<p>Transfer\u00eancia do Aeroporto Charles de Gaulle para o H\u00f4tel Elys\u00e9e Val d&#8217;Europe em transporte privado. Transporte direto do Aeroporto Charles de Gaulle para Val d&#8217;Europe com motorista particular. Nossos outros destinos na regi\u00e3o parisiense: Disneyland Paris Orly \u2192 Disneyland Paris CDG \u2192 Disneyland Paris Beauvais \u2192 Disneyland Paris Paris \u2192 Disneyland Paris Vila La Vall\u00e9e [&hellip;]<\/p>\n","protected":false},"author":1,"featured_media":0,"parent":0,"menu_order":0,"comment_status":"closed","ping_status":"closed","template":"elementor_header_footer","meta":{"site-sidebar-layout":"default","site-content-layout":"","ast-site-content-layout":"full-width-container","site-content-style":"default","site-sidebar-style":"default","ast-global-header-display":"","ast-banner-title-visibility":"","ast-main-header-display":"","ast-hfb-above-header-display":"","ast-hfb-below-header-display":"","ast-hfb-mobile-header-display":"","site-post-title":"","ast-breadcrumbs-content":"","ast-featured-img":"","footer-sml-layout":"","ast-disable-related-posts":"","theme-transparent-header-meta":"","adv-header-id-meta":"","stick-header-meta":"","header-above-stick-meta":"","header-main-stick-meta":"","header-below-stick-meta":"","astra-migrate-meta-layouts":"set","ast-page-background-enabled":"default","ast-page-background-meta":{"desktop":{"background-color":"var(--ast-global-color-4)","background-image":"","background-repeat":"repeat","background-position":"center center","background-size":"auto","background-attachment":"scroll","background-type":"","background-media":"","overlay-type":"","overlay-color":"","overlay-opacity":"","overlay-gradient":""},"tablet":{"background-color":"","background-image":"","background-repeat":"repeat","background-position":"center center","background-size":"auto","background-attachment":"scroll","background-type":"","background-media":"","overlay-type":"","overlay-color":"","overlay-opacity":"","overlay-gradient":""},"mobile":{"background-color":"","background-image":"","background-repeat":"repeat","background-position":"center center","background-size":"auto","background-attachment":"scroll","background-type":"","background-media":"","overlay-type":"","overlay-color":"","overlay-opacity":"","overlay-gradient":""}},"ast-content-background-meta":{"desktop":{"background-color":"var(--ast-global-color-5)","background-image":"","background-repeat":"repeat","background-position":"center center","background-size":"auto","background-attachment":"scroll","background-type":"","background-media":"","overlay-type":"","overlay-color":"","overlay-opacity":"","overlay-gradient":""},"tablet":{"background-color":"var(--ast-global-color-5)","background-image":"","background-repeat":"repeat","background-position":"center center","background-size":"auto","background-attachment":"scroll","background-type":"","background-media":"","overlay-type":"","overlay-color":"","overlay-opacity":"","overlay-gradient":""},"mobile":{"background-color":"var(--ast-global-color-5)","background-image":"","background-repeat":"repeat","background-position":"center center","background-size":"auto","background-attachment":"scroll","background-type":"","background-media":"","overlay-type":"","overlay-color":"","overlay-opacity":"","overlay-gradient":""}},"footnotes":""},"class_list":["post-14075","page","type-page","status-publish","hentry"],"yoast_head":"<!-- This site is optimized with the Yoast SEO plugin v26.9 - https:\/\/yoast.com\/product\/yoast-seo-wordpress\/ -->\n<title>Transfer CDG - Hotel \u00c9lys\u00e9e Val d&#039;Europe - KS Transport Services<\/title>\n<meta name=\"description\" content=\"Traslado privativo entre o Aeroporto Charles de Gaulle e o H\u00f4tel Elys\u00e9e Val d&#039;Europe. Viagem direta em Tesla ou Mercedes.\" \/>\n<meta name=\"robots\" content=\"index, follow, max-snippet:-1, max-image-preview:large, max-video-preview:-1\" \/>\n<link rel=\"canonical\" href=\"https:\/\/www.kstransportservices.com\/pt-pt\/transfer-cdg-hotel-elysee-val-d-europe\/\" \/>\n<meta property=\"og:locale\" content=\"pt_PT\" \/>\n<meta property=\"og:type\" content=\"article\" \/>\n<meta property=\"og:title\" content=\"Transfer CDG - Hotel \u00c9lys\u00e9e Val d&#039;Europe - KS Transport Services\" \/>\n<meta property=\"og:description\" content=\"Traslado privativo entre o Aeroporto Charles de Gaulle e o H\u00f4tel Elys\u00e9e Val d&#039;Europe. Viagem direta em Tesla ou Mercedes.\" \/>\n<meta property=\"og:url\" content=\"https:\/\/www.kstransportservices.com\/pt-pt\/transfer-cdg-hotel-elysee-val-d-europe\/\" \/>\n<meta property=\"og:site_name\" content=\"KS Transport Services\" \/>\n<meta property=\"article:modified_time\" content=\"2025-12-01T15:31:41+00:00\" \/>\n<meta property=\"og:image\" content=\"https:\/\/www.kstransportservices.com\/wp-content\/uploads\/2025\/08\/Transfer-privado-CDG-Hotel-Elysee-Val-dEurope-1024x1024.webp\" \/>\n<meta name=\"twitter:card\" content=\"summary_large_image\" \/>\n<meta name=\"twitter:label1\" content=\"Tempo estimado de leitura\" \/>\n\t<meta name=\"twitter:data1\" content=\"5 minutos\" \/>\n<script type=\"application\/ld+json\" class=\"yoast-schema-graph\">{\"@context\":\"https:\/\/schema.org\",\"@graph\":[{\"@type\":\"WebPage\",\"@id\":\"https:\/\/www.kstransportservices.com\/pt-pt\/transfer-cdg-hotel-elysee-val-d-europe\/\",\"url\":\"https:\/\/www.kstransportservices.com\/pt-pt\/transfer-cdg-hotel-elysee-val-d-europe\/\",\"name\":\"Transfer CDG - Hotel \u00c9lys\u00e9e Val d'Europe - KS Transport Services\",\"isPartOf\":{\"@id\":\"https:\/\/www.kstransportservices.com\/pt-pt\/#website\"},\"primaryImageOfPage\":{\"@id\":\"https:\/\/www.kstransportservices.com\/pt-pt\/transfer-cdg-hotel-elysee-val-d-europe\/#primaryimage\"},\"image\":{\"@id\":\"https:\/\/www.kstransportservices.com\/pt-pt\/transfer-cdg-hotel-elysee-val-d-europe\/#primaryimage\"},\"thumbnailUrl\":\"https:\/\/www.kstransportservices.com\/wp-content\/uploads\/2025\/08\/Transfer-privado-CDG-Hotel-Elysee-Val-dEurope-1024x1024.webp\",\"datePublished\":\"2025-07-28T12:29:43+00:00\",\"dateModified\":\"2025-12-01T15:31:41+00:00\",\"description\":\"Traslado privativo entre o Aeroporto Charles de Gaulle e o H\u00f4tel Elys\u00e9e Val d'Europe. Viagem direta em Tesla ou Mercedes.\",\"inLanguage\":\"pt-PT\",\"potentialAction\":[{\"@type\":\"ReadAction\",\"target\":[\"https:\/\/www.kstransportservices.com\/pt-pt\/transfer-cdg-hotel-elysee-val-d-europe\/\"]}]},{\"@type\":\"ImageObject\",\"inLanguage\":\"pt-PT\",\"@id\":\"https:\/\/www.kstransportservices.com\/pt-pt\/transfer-cdg-hotel-elysee-val-d-europe\/#primaryimage\",\"url\":\"https:\/\/www.kstransportservices.com\/wp-content\/uploads\/2025\/08\/Transfer-privado-CDG-Hotel-Elysee-Val-dEurope-1024x1024.webp\",\"contentUrl\":\"https:\/\/www.kstransportservices.com\/wp-content\/uploads\/2025\/08\/Transfer-privado-CDG-Hotel-Elysee-Val-dEurope-1024x1024.webp\"},{\"@type\":\"WebSite\",\"@id\":\"https:\/\/www.kstransportservices.com\/pt-pt\/#website\",\"url\":\"https:\/\/www.kstransportservices.com\/pt-pt\/\",\"name\":\"KS Transport Services\",\"description\":\"Transfert Chauffeur Priv\u00e9 VTC Disneyland Paris\",\"publisher\":{\"@id\":\"https:\/\/www.kstransportservices.com\/pt-pt\/#organization\"},\"alternateName\":\"KStransportServices\",\"potentialAction\":[{\"@type\":\"SearchAction\",\"target\":{\"@type\":\"EntryPoint\",\"urlTemplate\":\"https:\/\/www.kstransportservices.com\/pt-pt\/?s={search_term_string}\"},\"query-input\":{\"@type\":\"PropertyValueSpecification\",\"valueRequired\":true,\"valueName\":\"search_term_string\"}}],\"inLanguage\":\"pt-PT\"},{\"@type\":\"Organization\",\"@id\":\"https:\/\/www.kstransportservices.com\/pt-pt\/#organization\",\"name\":\"KS Transport Services\",\"url\":\"https:\/\/www.kstransportservices.com\/pt-pt\/\",\"logo\":{\"@type\":\"ImageObject\",\"inLanguage\":\"pt-PT\",\"@id\":\"https:\/\/www.kstransportservices.com\/pt-pt\/#\/schema\/logo\/image\/\",\"url\":\"https:\/\/www.kstransportservices.com\/wp-content\/uploads\/2024\/07\/cropped-IMG_2031.png\",\"contentUrl\":\"https:\/\/www.kstransportservices.com\/wp-content\/uploads\/2024\/07\/cropped-IMG_2031.png\",\"width\":284,\"height\":232,\"caption\":\"KS Transport Services\"},\"image\":{\"@id\":\"https:\/\/www.kstransportservices.com\/pt-pt\/#\/schema\/logo\/image\/\"}}]}<\/script>\n<!-- \/ Yoast SEO plugin. -->","yoast_head_json":{"title":"Transfer CDG - Hotel \u00c9lys\u00e9e Val d'Europe - KS Transport Services","description":"Traslado privativo entre o Aeroporto Charles de Gaulle e o H\u00f4tel Elys\u00e9e Val d'Europe. Viagem direta em Tesla ou Mercedes.","robots":{"index":"index","follow":"follow","max-snippet":"max-snippet:-1","max-image-preview":"max-image-preview:large","max-video-preview":"max-video-preview:-1"},"canonical":"https:\/\/www.kstransportservices.com\/pt-pt\/transfer-cdg-hotel-elysee-val-d-europe\/","og_locale":"pt_PT","og_type":"article","og_title":"Transfer CDG - Hotel \u00c9lys\u00e9e Val d'Europe - KS Transport Services","og_description":"Traslado privativo entre o Aeroporto Charles de Gaulle e o H\u00f4tel Elys\u00e9e Val d'Europe. Viagem direta em Tesla ou Mercedes.","og_url":"https:\/\/www.kstransportservices.com\/pt-pt\/transfer-cdg-hotel-elysee-val-d-europe\/","og_site_name":"KS Transport Services","article_modified_time":"2025-12-01T15:31:41+00:00","og_image":[{"url":"https:\/\/www.kstransportservices.com\/wp-content\/uploads\/2025\/08\/Transfer-privado-CDG-Hotel-Elysee-Val-dEurope-1024x1024.webp","type":"","width":"","height":""}],"twitter_card":"summary_large_image","twitter_misc":{"Tempo estimado de leitura":"5 minutos"},"schema":{"@context":"https:\/\/schema.org","@graph":[{"@type":"WebPage","@id":"https:\/\/www.kstransportservices.com\/pt-pt\/transfer-cdg-hotel-elysee-val-d-europe\/","url":"https:\/\/www.kstransportservices.com\/pt-pt\/transfer-cdg-hotel-elysee-val-d-europe\/","name":"Transfer CDG - Hotel \u00c9lys\u00e9e Val d'Europe - KS Transport Services","isPartOf":{"@id":"https:\/\/www.kstransportservices.com\/pt-pt\/#website"},"primaryImageOfPage":{"@id":"https:\/\/www.kstransportservices.com\/pt-pt\/transfer-cdg-hotel-elysee-val-d-europe\/#primaryimage"},"image":{"@id":"https:\/\/www.kstransportservices.com\/pt-pt\/transfer-cdg-hotel-elysee-val-d-europe\/#primaryimage"},"thumbnailUrl":"https:\/\/www.kstransportservices.com\/wp-content\/uploads\/2025\/08\/Transfer-privado-CDG-Hotel-Elysee-Val-dEurope-1024x1024.webp","datePublished":"2025-07-28T12:29:43+00:00","dateModified":"2025-12-01T15:31:41+00:00","description":"Traslado privativo entre o Aeroporto Charles de Gaulle e o H\u00f4tel Elys\u00e9e Val d'Europe. Viagem direta em Tesla ou Mercedes.","inLanguage":"pt-PT","potentialAction":[{"@type":"ReadAction","target":["https:\/\/www.kstransportservices.com\/pt-pt\/transfer-cdg-hotel-elysee-val-d-europe\/"]}]},{"@type":"ImageObject","inLanguage":"pt-PT","@id":"https:\/\/www.kstransportservices.com\/pt-pt\/transfer-cdg-hotel-elysee-val-d-europe\/#primaryimage","url":"https:\/\/www.kstransportservices.com\/wp-content\/uploads\/2025\/08\/Transfer-privado-CDG-Hotel-Elysee-Val-dEurope-1024x1024.webp","contentUrl":"https:\/\/www.kstransportservices.com\/wp-content\/uploads\/2025\/08\/Transfer-privado-CDG-Hotel-Elysee-Val-dEurope-1024x1024.webp"},{"@type":"WebSite","@id":"https:\/\/www.kstransportservices.com\/pt-pt\/#website","url":"https:\/\/www.kstransportservices.com\/pt-pt\/","name":"KS Transport Services","description":"Transfert Chauffeur Priv\u00e9 VTC Disneyland Paris","publisher":{"@id":"https:\/\/www.kstransportservices.com\/pt-pt\/#organization"},"alternateName":"KStransportServices","potentialAction":[{"@type":"SearchAction","target":{"@type":"EntryPoint","urlTemplate":"https:\/\/www.kstransportservices.com\/pt-pt\/?s={search_term_string}"},"query-input":{"@type":"PropertyValueSpecification","valueRequired":true,"valueName":"search_term_string"}}],"inLanguage":"pt-PT"},{"@type":"Organization","@id":"https:\/\/www.kstransportservices.com\/pt-pt\/#organization","name":"KS Transport Services","url":"https:\/\/www.kstransportservices.com\/pt-pt\/","logo":{"@type":"ImageObject","inLanguage":"pt-PT","@id":"https:\/\/www.kstransportservices.com\/pt-pt\/#\/schema\/logo\/image\/","url":"https:\/\/www.kstransportservices.com\/wp-content\/uploads\/2024\/07\/cropped-IMG_2031.png","contentUrl":"https:\/\/www.kstransportservices.com\/wp-content\/uploads\/2024\/07\/cropped-IMG_2031.png","width":284,"height":232,"caption":"KS Transport Services"},"image":{"@id":"https:\/\/www.kstransportservices.com\/pt-pt\/#\/schema\/logo\/image\/"}}]}},"_links":{"self":[{"href":"https:\/\/www.kstransportservices.com\/pt-pt\/wp-json\/wp\/v2\/pages\/14075","targetHints":{"allow":["GET"]}}],"collection":[{"href":"https:\/\/www.kstransportservices.com\/pt-pt\/wp-json\/wp\/v2\/pages"}],"about":[{"href":"https:\/\/www.kstransportservices.com\/pt-pt\/wp-json\/wp\/v2\/types\/page"}],"author":[{"embeddable":true,"href":"https:\/\/www.kstransportservices.com\/pt-pt\/wp-json\/wp\/v2\/users\/1"}],"replies":[{"embeddable":true,"href":"https:\/\/www.kstransportservices.com\/pt-pt\/wp-json\/wp\/v2\/comments?post=14075"}],"version-history":[{"count":6,"href":"https:\/\/www.kstransportservices.com\/pt-pt\/wp-json\/wp\/v2\/pages\/14075\/revisions"}],"predecessor-version":[{"id":14083,"href":"https:\/\/www.kstransportservices.com\/pt-pt\/wp-json\/wp\/v2\/pages\/14075\/revisions\/14083"}],"wp:attachment":[{"href":"https:\/\/www.kstransportservices.com\/pt-pt\/wp-json\/wp\/v2\/media?parent=14075"}],"curies":[{"name":"wp","href":"https:\/\/api.w.org\/{rel}","templated":true}]}}